{"id":12336,"date":"2016-07-27T17:07:21","date_gmt":"2016-07-27T21:07:21","guid":{"rendered":"https:\/\/spefct.org\/?page_id=12336"},"modified":"2025-10-22T14:48:53","modified_gmt":"2025-10-22T18:48:53","slug":"5k","status":"publish","type":"page","link":"https:\/\/spefct.org\/es\/5k\/","title":{"rendered":"SPEF 5K CAMINAR Y CORRER"},"content":{"rendered":"<div class=\"wpb-content-wrapper\"><div class=\"vc_row wpb_row vc_row-fluid\"><div class=\"wpb_column vc_column_container vc_col-sm-12\"><div class=\"vc_column-inner\"><div class=\"wpb_wrapper\"><div class=\"vc_row wpb_row vc_inner vc_row-fluid\"><div class=\"wpb_column vc_column_container vc_col-sm-6\"><div class=\"vc_column-inner\"><div class=\"wpb_wrapper\"><\/div><\/div><\/div><div class=\"wpb_column vc_column_container vc_col-sm-6\"><div class=\"vc_column-inner\"><div class=\"wpb_wrapper\"><\/div><\/div><\/div><\/div><\/div><\/div><\/div><\/div><div class=\"vc_row wpb_row vc_row-fluid\"><div class=\"wpb_column vc_column_container vc_col-sm-12\"><div class=\"vc_column-inner\"><div class=\"wpb_wrapper\"><div class=\"vc_row wpb_row vc_inner vc_row-fluid\"><div class=\"wpb_column vc_column_container vc_col-sm-12\"><div class=\"vc_column-inner\"><div class=\"wpb_wrapper\">\n\t<div class=\"wpb_text_column wpb_content_element\" >\n\t\t<div class=\"wpb_wrapper\">\n\t\t\t<h2 style=\"text-align: center;\"><strong class=\"photoswipe-wrapper\"><img loading=\"lazy\" decoding=\"async\" class=\"wp-image-12391 aligncenter\" src=\"https:\/\/spefct.org\/wp-content\/uploads\/2024\/08\/5K-Logo.png\" alt=\"\" width=\"478\" height=\"177\" srcset=\"https:\/\/spefct.org\/wp-content\/uploads\/2024\/08\/5K-Logo.png 1220w, https:\/\/spefct.org\/wp-content\/uploads\/2024\/08\/5K-Logo-300x111.png 300w, https:\/\/spefct.org\/wp-content\/uploads\/2024\/08\/5K-Logo-1024x379.png 1024w, https:\/\/spefct.org\/wp-content\/uploads\/2024\/08\/5K-Logo-768x284.png 768w, https:\/\/spefct.org\/wp-content\/uploads\/2024\/08\/5K-Logo-18x7.png 18w\" sizes=\"auto, (max-width: 478px) 100vw, 478px\" \/><\/strong><\/h2>\n<div class=\"wpb_raw_code wpb_raw_html wpb_content_element\">\n<h3 class=\"wpb_wrapper\" style=\"text-align: center;\"><strong><span style=\"color: #f37422;\">\u00a1GRACIAS A TODOS LOS QUE PARTICIPARON Y APOYARON LA 13.\u00aa CAMINATA Y CARRERA ANUAL SPEF 5K EL DOMINGO 28 DE SEPTIEMBRE!<\/span><\/strong><\/h3>\n<\/div>\n\n\t\t<\/div>\n\t<\/div>\n\n\t<div class=\"wpb_raw_code wpb_raw_html wpb_content_element\" >\n\t\t<div class=\"wpb_wrapper\">\n\t\t\t<hr style=\"height:5px;border-width:0;color:#007cba;background-color:#f37422\">\n\t\t<\/div>\n\t<\/div>\n\n\t<div class=\"wpb_text_column wpb_content_element\" >\n\t\t<div class=\"wpb_wrapper\">\n\t\t\t<p data-start=\"367\" data-end=\"551\"><span class=\"NormalTextRun SCXW63532651 BCX0\">13 del SPEF<\/span><span class=\"NormalTextRun SCXW63532651 BCX0\">La Caminata y Carrera Anual de 5K reuni\u00f3 a la comunidad de Stamford para divertirse, hacer ejercicio y demostrar su val\u00eda.<\/span><span class=\"NormalTextRun SCXW63532651 BCX0\">La importancia de\u00a0<\/span><span class=\"NormalTextRun SCXW63532651 BCX0\">\u00a1educaci\u00f3n p\u00fablica! Con m\u00e1s de\u00a0<\/span><span class=\"NormalTextRun SCXW63532651 BCX0\">439<\/span><span class=\"NormalTextRun SCXW63532651 BCX0\">\u00a0registrantes y\u00a0<\/span><span class=\"NormalTextRun SCXW63532651 BCX0\">el\u00a0<\/span><span class=\"NormalTextRun SpellingErrorV2Themed SCXW63532651 BCX0\">ESPECIAL<\/span><span class=\"NormalTextRun SCXW63532651 BCX0\">\u00a0Carrera divertida para menores de 12 a\u00f1os. \u00a1La carrera de 5 km de este a\u00f1o fue inolvidable!\u00a0<\/span><\/p>\n\n\t\t<\/div>\n\t<\/div>\n<\/div><\/div><\/div><\/div><\/div><\/div><\/div><\/div><div data-vc-full-width=\"true\" data-vc-full-width-temp=\"true\" data-vc-full-width-init=\"false\" data-vc-stretch-content=\"true\" data-vc-parallax=\"1.5\" data-vc-parallax-image=\"https:\/\/spefct.org\/wp-content\/uploads\/2025\/07\/DSC08256-scaled.jpg\" class=\"vc_row wpb_row vc_row-fluid full-width vc_custom_1753295734021 vc_row-has-fill vc_row-o-content-middle vc_row-flex vc_general vc_parallax vc_parallax-content-moving\"><div class=\"wpb_column vc_column_container vc_col-sm-12\"><div class=\"vc_column-inner vc_custom_1753295269075\"><div class=\"wpb_wrapper\"><\/div><\/div><\/div><\/div><div class=\"vc_row-full-width vc_clearfix\"><\/div><div class=\"vc_row wpb_row vc_row-fluid\"><div class=\"wpb_column vc_column_container vc_col-sm-12\"><div class=\"vc_column-inner\"><div class=\"wpb_wrapper\">\n\t<div class=\"wpb_text_column wpb_content_element\" >\n\t\t<div class=\"wpb_wrapper\">\n\t\t\t<h3 style=\"text-align: center;\"><strong><span style=\"color: #f37422;\">\u00a0FELICITACIONES A LOS GANADORES DE ESTE A\u00d1O<\/span><\/strong><\/h3>\n\n\t\t<\/div>\n\t<\/div>\n<div class=\"vc_row wpb_row vc_inner vc_row-fluid\"><div class=\"wpb_column vc_column_container vc_col-sm-4\"><div class=\"vc_column-inner\"><div class=\"wpb_wrapper\">\n\t<div class=\"wpb_text_column wpb_content_element\" >\n\t\t<div class=\"wpb_wrapper\">\n\t\t\t<h3><b><span data-contrast=\"auto\">En general<\/span><\/b><span data-ccp-props=\"{&quot;335559739&quot;:0}\">\u00a0<\/span><\/h3>\n<p><span data-contrast=\"auto\"><strong>Femenino:<\/strong> Astrid Moquete-Blomstrom (21:55)<\/span><span data-ccp-props=\"{&quot;335559739&quot;:0}\"><br \/>\n<\/span><span data-contrast=\"auto\"><strong>Masculino:<\/strong> Ky-mani Mahon (20:12)<\/span><\/p>\n<h3><b><span data-contrast=\"auto\">Menores de 12 a\u00f1os<\/span><\/b><span data-ccp-props=\"{&quot;335559739&quot;:0}\">\u00a0<\/span><\/h3>\n<p><span data-contrast=\"auto\"><strong>Femenino:<\/strong> Cristina Grajales (37:46)<\/span><span data-ccp-props=\"{&quot;335559739&quot;:0}\"><br \/>\n<\/span><span data-contrast=\"auto\"><strong>Masculino:<\/strong> Yannick Kudrnac<\/span><span data-ccp-props=\"{&quot;335559739&quot;:0}\"> (29:03)<\/span><\/p>\n\n\t\t<\/div>\n\t<\/div>\n<\/div><\/div><\/div><div class=\"wpb_column vc_column_container vc_col-sm-4\"><div class=\"vc_column-inner\"><div class=\"wpb_wrapper\">\n\t<div class=\"wpb_text_column wpb_content_element\" >\n\t\t<div class=\"wpb_wrapper\">\n\t\t\t<h3><b><span data-contrast=\"auto\">12-15<\/span><\/b><\/h3>\n<p><span data-contrast=\"auto\"><strong>Femenino:<\/strong> Jolie Lucas (25:45)<\/span><span data-ccp-props=\"{&quot;335559739&quot;:0}\"><br \/>\n<\/span><span data-contrast=\"auto\"><strong>Masculino:<\/strong> Iza\u00edas Eloiseau (22:13)<\/span><\/p>\n<h3><span data-contrast=\"auto\">\u202f<\/span><b><span data-contrast=\"auto\">16-18<\/span><\/b><\/h3>\n<p><span data-contrast=\"auto\"><strong>Femenino:<\/strong> Ayl\u00edn L\u00f3pez (29:00)<\/span><span data-ccp-props=\"{&quot;335559739&quot;:0}\"><br \/>\n<\/span><span data-contrast=\"auto\"><strong>Masculino:<\/strong> Charles Reynolds (22:16)<\/span><\/p>\n\n\t\t<\/div>\n\t<\/div>\n<\/div><\/div><\/div><div class=\"wpb_column vc_column_container vc_col-sm-4\"><div class=\"vc_column-inner\"><div class=\"wpb_wrapper\">\n\t<div class=\"wpb_text_column wpb_content_element\" >\n\t\t<div class=\"wpb_wrapper\">\n\t\t\t<h3><b><span data-contrast=\"auto\">19-30<\/span><\/b><\/h3>\n<p><span data-contrast=\"auto\"><strong>Femenino:<\/strong> Julia Blankenbaker (23:22)<\/span><span data-ccp-props=\"{&quot;335559739&quot;:0}\"><br \/>\n<\/span><span data-contrast=\"auto\"><strong>Masculino:<\/strong> Hajime Agresta (20:15)<\/span><\/p>\n<h3><span data-contrast=\"auto\">\u202f<\/span><b><span data-contrast=\"auto\">M\u00e1s de 30<\/span><\/b><\/h3>\n<p><span data-contrast=\"auto\"><strong>Femenino:<\/strong> Raquel Alonso-Mendoza (25:18)<\/span><span data-ccp-props=\"{&quot;335559739&quot;:0}\"><br \/>\n<\/span><span data-contrast=\"auto\"><strong>Masculino:<\/strong> Bala Huanetl (21:36)<\/span><\/p>\n\n\t\t<\/div>\n\t<\/div>\n<\/div><\/div><\/div><\/div><\/div><\/div><\/div><\/div><div class=\"vc_row wpb_row vc_row-fluid\"><div class=\"wpb_column vc_column_container vc_col-sm-12\"><div class=\"vc_column-inner\"><div class=\"wpb_wrapper\"><div class=\"vc_row wpb_row vc_inner vc_row-fluid\"><div class=\"wpb_column vc_column_container vc_col-sm-3\"><div class=\"vc_column-inner\"><div class=\"wpb_wrapper\"><\/div><\/div><\/div><div class=\"wpb_column vc_column_container vc_col-sm-3\"><div class=\"vc_column-inner\"><div class=\"wpb_wrapper\">\n\t<div class=\"wpb_raw_code wpb_raw_html wpb_content_element\" >\n\t\t<div class=\"wpb_wrapper\">\n\t\t\t<a href=\"https:\/\/www.athlinks.com\/event\/380802\/results\/Event\/1123604\/Results\" class=\"button-5\" role=\"button\" target=\"_blank\">Resultados<\/a>\n\t\t<\/div>\n\t<\/div>\n<\/div><\/div><\/div><div class=\"wpb_column vc_column_container vc_col-sm-3\"><div class=\"vc_column-inner\"><div class=\"wpb_wrapper\">\n\t<div class=\"wpb_raw_code wpb_raw_html wpb_content_element\" >\n\t\t<div class=\"wpb_wrapper\">\n\t\t\t<a href=\"https:\/\/runsignup.com\/Race\/Photos\/CT\/Stamford\/SteppingOutforEducation5KRunWalk\" class=\"button-5\" role=\"button\" target=\"_blank\">Fotos<\/a>\n\t\t<\/div>\n\t<\/div>\n<\/div><\/div><\/div><div class=\"wpb_column vc_column_container vc_col-sm-3\"><div class=\"vc_column-inner\"><div class=\"wpb_wrapper\"><\/div><\/div><\/div><\/div><\/div><\/div><\/div><\/div><div class=\"vc_row wpb_row vc_row-fluid\"><div class=\"wpb_column vc_column_container vc_col-sm-12\"><div class=\"vc_column-inner\"><div class=\"wpb_wrapper\">\n\t<div class=\"wpb_raw_code wpb_raw_html wpb_content_element\" >\n\t\t<div class=\"wpb_wrapper\">\n\t\t\t<hr style=\"height:5px;border-width:0;color:#007cba;background-color:#f37422\">\n\t\t<\/div>\n\t<\/div>\n\n\t<div class=\"wpb_text_column wpb_content_element\" >\n\t\t<div class=\"wpb_wrapper\">\n\t\t\t<h3 style=\"text-align: center;\"><strong><span style=\"color: #f37422;\">Estamos agradecidos con nuestros patrocinadores del SPEF 5K 2025<\/span><\/strong><\/h3>\n\n\t\t<\/div>\n\t<\/div>\n\n\t<div  class=\"wpb_single_image wpb_content_element vc_align_center\">\n\t\t\n\t\t<figure class=\"wpb_wrapper vc_figure\">\n\t\t\t<div class=\"vc_single_image-wrapper   vc_box_border_grey\"><img loading=\"lazy\" decoding=\"async\" width=\"778\" height=\"1024\" src=\"https:\/\/spefct.org\/wp-content\/uploads\/2025\/09\/SPEF-5K-Sponsors-2025-778x1024.png\" class=\"vc_single_image-img attachment-large\" alt=\"\" title=\"Patrocinadores del SPEF 5K 2025\" srcset=\"https:\/\/spefct.org\/wp-content\/uploads\/2025\/09\/SPEF-5K-Sponsors-2025-778x1024.png 778w, https:\/\/spefct.org\/wp-content\/uploads\/2025\/09\/SPEF-5K-Sponsors-2025-228x300.png 228w, https:\/\/spefct.org\/wp-content\/uploads\/2025\/09\/SPEF-5K-Sponsors-2025-768x1010.png 768w, https:\/\/spefct.org\/wp-content\/uploads\/2025\/09\/SPEF-5K-Sponsors-2025-1168x1536.png 1168w, https:\/\/spefct.org\/wp-content\/uploads\/2025\/09\/SPEF-5K-Sponsors-2025-1557x2048.png 1557w, https:\/\/spefct.org\/wp-content\/uploads\/2025\/09\/SPEF-5K-Sponsors-2025-9x12.png 9w, https:\/\/spefct.org\/wp-content\/uploads\/2025\/09\/SPEF-5K-Sponsors-2025-scaled.png 1946w\" sizes=\"auto, (max-width: 778px) 100vw, 778px\"  data-dt-location=\"https:\/\/spefct.org\/es\/5k\/spef-5k-sponsors-2025\/\" \/><\/div>\n\t\t<\/figure>\n\t<\/div>\n<\/div><\/div><\/div><\/div><div class=\"vc_row wpb_row vc_row-fluid\"><div class=\"wpb_column vc_column_container vc_col-sm-12\"><div class=\"vc_column-inner\"><div class=\"wpb_wrapper\"><div class=\"vc_row wpb_row vc_inner vc_row-fluid\"><div class=\"wpb_column vc_column_container vc_col-sm-12\"><div class=\"vc_column-inner\"><div class=\"wpb_wrapper\">\n\t<div class=\"wpb_text_column wpb_content_element\" >\n\t\t<div class=\"wpb_wrapper\">\n\t\t\t<h3 style=\"text-align: center;\"><strong><span style=\"color: #f37422;\">Los aspectos m\u00e1s destacados de la caminata y carrera SPEF 5K 2025 incluyeron: <\/span><\/strong><\/h3>\n\n\t\t<\/div>\n\t<\/div>\n<\/div><\/div><\/div><\/div><div class=\"vc_row wpb_row vc_inner vc_row-fluid\"><div class=\"wpb_column vc_column_container vc_col-sm-3\"><div class=\"vc_column-inner\"><div class=\"wpb_wrapper\">\n\t<div  class=\"wpb_single_image wpb_content_element vc_align_left\">\n\t\t\n\t\t<figure class=\"wpb_wrapper vc_figure\">\n\t\t\t<div class=\"vc_single_image-wrapper   vc_box_border_grey\"><img loading=\"lazy\" decoding=\"async\" width=\"1080\" height=\"1080\" src=\"https:\/\/spefct.org\/wp-content\/uploads\/2025\/10\/1.png\" class=\"vc_single_image-img attachment-full\" alt=\"\" title=\"1\" srcset=\"https:\/\/spefct.org\/wp-content\/uploads\/2025\/10\/1.png 1080w, https:\/\/spefct.org\/wp-content\/uploads\/2025\/10\/1-300x300.png 300w, https:\/\/spefct.org\/wp-content\/uploads\/2025\/10\/1-1024x1024.png 1024w, https:\/\/spefct.org\/wp-content\/uploads\/2025\/10\/1-150x150.png 150w, https:\/\/spefct.org\/wp-content\/uploads\/2025\/10\/1-768x768.png 768w, https:\/\/spefct.org\/wp-content\/uploads\/2025\/10\/1-12x12.png 12w\" sizes=\"auto, (max-width: 1080px) 100vw, 1080px\"  data-dt-location=\"https:\/\/spefct.org\/es\/5k\/1-23\/\" \/><\/div>\n\t\t<\/figure>\n\t<\/div>\n\n\t<div class=\"wpb_text_column wpb_content_element\" >\n\t\t<div class=\"wpb_wrapper\">\n\t\t\t<p style=\"text-align: center;\">El premio MarcUS for Change Spirit 2025 se entreg\u00f3 a Westhill High School<\/p>\n\n\t\t<\/div>\n\t<\/div>\n<\/div><\/div><\/div><div class=\"wpb_column vc_column_container vc_col-sm-3\"><div class=\"vc_column-inner\"><div class=\"wpb_wrapper\">\n\t<div  class=\"wpb_single_image wpb_content_element vc_align_left\">\n\t\t\n\t\t<figure class=\"wpb_wrapper vc_figure\">\n\t\t\t<div class=\"vc_single_image-wrapper   vc_box_border_grey\"><img loading=\"lazy\" decoding=\"async\" width=\"1080\" height=\"1080\" src=\"https:\/\/spefct.org\/wp-content\/uploads\/2025\/10\/2.png\" class=\"vc_single_image-img attachment-full\" alt=\"\" title=\"2\" srcset=\"https:\/\/spefct.org\/wp-content\/uploads\/2025\/10\/2.png 1080w, https:\/\/spefct.org\/wp-content\/uploads\/2025\/10\/2-300x300.png 300w, https:\/\/spefct.org\/wp-content\/uploads\/2025\/10\/2-1024x1024.png 1024w, https:\/\/spefct.org\/wp-content\/uploads\/2025\/10\/2-150x150.png 150w, https:\/\/spefct.org\/wp-content\/uploads\/2025\/10\/2-768x768.png 768w, https:\/\/spefct.org\/wp-content\/uploads\/2025\/10\/2-12x12.png 12w\" sizes=\"auto, (max-width: 1080px) 100vw, 1080px\"  data-dt-location=\"https:\/\/spefct.org\/es\/5k\/2-24\/\" \/><\/div>\n\t\t<\/figure>\n\t<\/div>\n\n\t<div class=\"wpb_text_column wpb_content_element\" >\n\t\t<div class=\"wpb_wrapper\">\n\t\t\t<p style=\"text-align: center;\">Actuaciones entusiastas del equipo de animadoras de Westhill High<\/p>\n\n\t\t<\/div>\n\t<\/div>\n<\/div><\/div><\/div><div class=\"wpb_column vc_column_container vc_col-sm-3\"><div class=\"vc_column-inner\"><div class=\"wpb_wrapper\">\n\t<div  class=\"wpb_single_image wpb_content_element vc_align_left\">\n\t\t\n\t\t<figure class=\"wpb_wrapper vc_figure\">\n\t\t\t<div class=\"vc_single_image-wrapper   vc_box_border_grey\"><img loading=\"lazy\" decoding=\"async\" width=\"1080\" height=\"1080\" src=\"https:\/\/spefct.org\/wp-content\/uploads\/2025\/10\/3.png\" class=\"vc_single_image-img attachment-full\" alt=\"\" title=\"3\" srcset=\"https:\/\/spefct.org\/wp-content\/uploads\/2025\/10\/3.png 1080w, https:\/\/spefct.org\/wp-content\/uploads\/2025\/10\/3-300x300.png 300w, https:\/\/spefct.org\/wp-content\/uploads\/2025\/10\/3-1024x1024.png 1024w, https:\/\/spefct.org\/wp-content\/uploads\/2025\/10\/3-150x150.png 150w, https:\/\/spefct.org\/wp-content\/uploads\/2025\/10\/3-768x768.png 768w, https:\/\/spefct.org\/wp-content\/uploads\/2025\/10\/3-12x12.png 12w\" sizes=\"auto, (max-width: 1080px) 100vw, 1080px\"  data-dt-location=\"https:\/\/spefct.org\/es\/5k\/3-13\/\" \/><\/div>\n\t\t<\/figure>\n\t<\/div>\n\n\t<div class=\"wpb_text_column wpb_content_element\" >\n\t\t<div class=\"wpb_wrapper\">\n\t\t\t<p style=\"text-align: center;\"><b><span data-contrast=\"auto\">Club de corredores de Stamford<\/span><\/b><span data-contrast=\"auto\">\u00a0fundador<\/span><b><span data-contrast=\"auto\">\u00a0AJ Schrag<\/span><\/b><span data-contrast=\"auto\"> \u00a1Calentamos a los caminantes y corredores antes de que salieran al recorrido!<\/span><\/p>\n\n\t\t<\/div>\n\t<\/div>\n<\/div><\/div><\/div><div class=\"wpb_column vc_column_container vc_col-sm-3\"><div class=\"vc_column-inner\"><div class=\"wpb_wrapper\">\n\t<div  class=\"wpb_single_image wpb_content_element vc_align_left\">\n\t\t\n\t\t<figure class=\"wpb_wrapper vc_figure\">\n\t\t\t<div class=\"vc_single_image-wrapper   vc_box_border_grey\"><img loading=\"lazy\" decoding=\"async\" width=\"1080\" height=\"1080\" src=\"https:\/\/spefct.org\/wp-content\/uploads\/2025\/10\/4.png\" class=\"vc_single_image-img attachment-full\" alt=\"\" title=\"4\" srcset=\"https:\/\/spefct.org\/wp-content\/uploads\/2025\/10\/4.png 1080w, https:\/\/spefct.org\/wp-content\/uploads\/2025\/10\/4-300x300.png 300w, https:\/\/spefct.org\/wp-content\/uploads\/2025\/10\/4-1024x1024.png 1024w, https:\/\/spefct.org\/wp-content\/uploads\/2025\/10\/4-150x150.png 150w, https:\/\/spefct.org\/wp-content\/uploads\/2025\/10\/4-768x768.png 768w, https:\/\/spefct.org\/wp-content\/uploads\/2025\/10\/4-12x12.png 12w\" sizes=\"auto, (max-width: 1080px) 100vw, 1080px\"  data-dt-location=\"https:\/\/spefct.org\/es\/5k\/4-9\/\" \/><\/div>\n\t\t<\/figure>\n\t<\/div>\n\n\t<div class=\"wpb_text_column wpb_content_element\" >\n\t\t<div class=\"wpb_wrapper\">\n\t\t\t<p style=\"text-align: center;\">Estudiantes menores de 12 a\u00f1os que participan en nuestra reci\u00e9n agregada SPEFy Fun Run<\/p>\n\n\t\t<\/div>\n\t<\/div>\n<\/div><\/div><\/div><\/div><div class=\"vc_row wpb_row vc_inner vc_row-fluid\"><div class=\"wpb_column vc_column_container vc_col-sm-4\"><div class=\"vc_column-inner\"><div class=\"wpb_wrapper\"><\/div><\/div><\/div><div class=\"wpb_column vc_column_container vc_col-sm-4\"><div class=\"vc_column-inner\"><div class=\"wpb_wrapper\">\n\t<div class=\"wpb_raw_code wpb_raw_html wpb_content_element\" >\n\t\t<div class=\"wpb_wrapper\">\n\t\t\t<a href=\"https:\/\/runsignup.com\/Race\/Donate\/CT\/Stamford\/SteppingOutforEducation5KRunWalk\" class=\"button-5\" role=\"button\" target=\"_blank\">Donar<\/a>\n\t\t<\/div>\n\t<\/div>\n<\/div><\/div><\/div><div class=\"wpb_column vc_column_container vc_col-sm-4\"><div class=\"vc_column-inner\"><div class=\"wpb_wrapper\"><\/div><\/div><\/div><\/div>\n\t<div class=\"wpb_text_column wpb_content_element\" >\n\t\t<div class=\"wpb_wrapper\">\n\t\t\t<p style=\"text-align: center;\"><strong><span style=\"color: #f37422;\">Si no tuviste la oportunidad de apoyar a SPEF con una donaci\u00f3n, a\u00fan est\u00e1s a tiempo. Por favor considere hacer una donaci\u00f3n.<\/span><\/strong><\/p>\n\n\t\t<\/div>\n\t<\/div>\n<\/div><\/div><\/div><\/div><\/div>","protected":false},"excerpt":{"rendered":"<p>\u00a1GRACIAS A TODOS LOS QUE PARTICIPARON Y APOYARON LA 13.\u00aa CAMINATA Y CARRERA ANUAL DE 5K DE LA SPEF EL DOMINGO 28 DE SEPTIEMBRE! La 13.\u00aa Caminata y Carrera Anual de 5K de la SPEF uni\u00f3 a la comunidad de Stamford para divertirse, mantenerse en forma y demostrar la importancia de la educaci\u00f3n p\u00fablica. Con m\u00e1s de 439 inscritos y la Carrera Divertida SPEFy para menores de 12 a\u00f1os, la carrera de 5K de este a\u00f1o fue\u2026<\/p>","protected":false},"author":50,"featured_media":0,"parent":0,"menu_order":0,"comment_status":"closed","ping_status":"closed","template":"","meta":{"om_disable_all_campaigns":false,"_monsterinsights_skip_tracking":false,"_monsterinsights_sitenote_active":false,"_monsterinsights_sitenote_note":"","_monsterinsights_sitenote_category":0,"footnotes":""},"class_list":["post-12336","page","type-page","status-publish","hentry","description-off"],"aioseo_notices":[],"_links":{"self":[{"href":"https:\/\/spefct.org\/es\/wp-json\/wp\/v2\/pages\/12336","targetHints":{"allow":["GET"]}}],"collection":[{"href":"https:\/\/spefct.org\/es\/wp-json\/wp\/v2\/pages"}],"about":[{"href":"https:\/\/spefct.org\/es\/wp-json\/wp\/v2\/types\/page"}],"author":[{"embeddable":true,"href":"https:\/\/spefct.org\/es\/wp-json\/wp\/v2\/users\/50"}],"replies":[{"embeddable":true,"href":"https:\/\/spefct.org\/es\/wp-json\/wp\/v2\/comments?post=12336"}],"version-history":[{"count":60,"href":"https:\/\/spefct.org\/es\/wp-json\/wp\/v2\/pages\/12336\/revisions"}],"predecessor-version":[{"id":12896,"href":"https:\/\/spefct.org\/es\/wp-json\/wp\/v2\/pages\/12336\/revisions\/12896"}],"wp:attachment":[{"href":"https:\/\/spefct.org\/es\/wp-json\/wp\/v2\/media?parent=12336"}],"curies":[{"name":"gracias","href":"https:\/\/api.w.org\/{rel}","templated":true}]}}